{"id":935,"date":"2025-01-09T09:55:48","date_gmt":"2025-01-09T08:55:48","guid":{"rendered":"https:\/\/institut-secours.fr\/?page_id=935"},"modified":"2025-01-09T10:08:30","modified_gmt":"2025-01-09T09:08:30","slug":"mentions-legales-et-rgpd","status":"publish","type":"page","link":"https:\/\/institut-secours.fr\/index.php\/mentions-legales-et-rgpd\/","title":{"rendered":"Mentions l\u00e9gales, CGU &#038; RGPD"},"content":{"rendered":"\n<p>Ce site est administr\u00e9 par les membres de notre association <\/p>\n\n\n\n<p>Copyright \u00a9 2021 Secours 60<\/p>\n\n\n\n<h2><strong>Mentions l\u00e9gales<\/strong><\/h2>\n\n\n\n<p>Le site internet\u00a0secous60.fr\u00a0est \u00e9dit\u00e9\u00a0par\u00a0Secours 60,\u00a0association loi 1901 dont le si\u00e8ge social est \u00e9tabli\u00a0en France\u00a0au 26 All\u00e9e des Lys du Valois, 60800 CREPY EN VALOIS.<\/p>\n\n\n\n<p>T\u00e9l\u00e9phone\u202f:\u00a0+33 (0)6 21 73 61 23<\/p>\n\n\n\n<p><\/p>\n\n\n\n<p>Directeur de la publication\u202f:\u00a0Ludovic HARDY, Pr\u00e9sident-Fondateur<\/p>\n\n\n\n<p>L\u2019h\u00e9bergement du site\u00a0est r\u00e9alis\u00e9 par la soci\u00e9t\u00e9\u00a0OVH.<\/p>\n\n\n\n<h2><strong>Conditions g\u00e9n\u00e9rales d\u2019utilisation&nbsp;(CGU)&nbsp;<\/strong><\/h2>\n\n\n\n<p>Les pr\u00e9sentes\u00a0conditions\u00a0g\u00e9n\u00e9rales d\u2019utilisation (ci-apr\u00e8s,\u00a0\u00ab\u202fles\u00a0CGU \u00bb) ont pour objet de fixer les\u00a0modalit\u00e9s de mise \u00e0 disposition et d\u2019utilisation du contenu et des services du site internet\u00a0www.secours60.fr entre Secours 60 en\u00a0tant qu\u2019\u00e9diteur du Site\u00a0(ci-apr\u00e8s,\u00a0\u00ab\u202fL\u2019Editeur\u202f\u00bb)\u00a0et l\u2019utilisateur du Site\u00a0(ci-apr\u00e8s,\u00a0\u00ab l\u2019Utilisateur\u202f\u00bb).\u00a0<\/p>\n\n\n\n<p>L\u2019acc\u00e8s au Site et \u00e0 son contenu, ainsi que l\u2019usage des services propos\u00e9s par le Site, vaut acceptation sans r\u00e9serve des pr\u00e9sentes CGU&nbsp;par l\u2019Utilisateur. Les CGU&nbsp;pouvant&nbsp;\u00eatre modifi\u00e9es \u00e0 tout moment et sans pr\u00e9avis,&nbsp;l\u2019Utilisateur est invit\u00e9 \u00e0 les consulter r\u00e9guli\u00e8rement.&nbsp;<\/p>\n\n\n\n<h3>Objet du Site et acc\u00e8s aux services&nbsp;<\/h3>\n\n\n\n<p>Le\u00a0Site a pour but\u00a0de\u00a0pr\u00e9senter\u00a0les activit\u00e9s et ses\u00a0produits de Secours 60.\u00a0\u00a0<\/p>\n\n\n\n<p>Le Site est accessible en tout lieu&nbsp;et&nbsp;\u00e0 tout Utilisateur&nbsp;disposant&nbsp;d\u2019un acc\u00e8s \u00e0 Internet. Tous les frais&nbsp;engag\u00e9s&nbsp;pour acc\u00e9der au&nbsp;Site&nbsp;(mat\u00e9riel informatique, logiciels, connexion Internet, etc.) sont \u00e0&nbsp;la charge&nbsp;de l\u2019Utilisateur.&nbsp;<\/p>\n\n\n\n<p>Le&nbsp;Site permet \u00e0 l\u2019Utilisateur un acc\u00e8s aux services suivants&nbsp;:&nbsp;<\/p>\n\n\n\n<ul>\n<li>Des informations g\u00e9n\u00e9rales sur\u00a0les activit\u00e9s r\u00e9alis\u00e9es par les membres de notre association\u00a0et ses produits,\u00a0<\/li>\n\n\n\n<li>Des articles d\u2019actualit\u00e9s,&nbsp;<\/li>\n\n\n\n<li>Des offres d\u2019emploi,\u00a0<\/li>\n\n\n\n<li>Un formulaire de contact.&nbsp;<\/li>\n<\/ul>\n\n\n\n<p>L\u2019Editeur&nbsp;met en \u0153uvre tous les moyens mis \u00e0 sa disposition pour assurer un acc\u00e8s de qualit\u00e9&nbsp;au Site et \u00e0 ses services. Toutefois, il s\u2019agit d\u2019une obligation de moyen et non de r\u00e9sultat\u202f: de ce fait, l\u2019Utilisateur s\u2019engage \u00e0 ne r\u00e9clamer aucune indemnisation \u00e0&nbsp;l\u2019Editeur&nbsp;et \u00e0 ses fournisseurs, dans le cas o\u00f9 le Site ne serait pas disponible au moment o\u00f9 il souhaite y acc\u00e9der.&nbsp;&nbsp;<\/p>\n\n\n\n<p>L\u2019acc\u00e8s au Site et \u00e0 ses services peut \u00e0 tout moment, sans pr\u00e9avis, faire l\u2019objet d\u2019une interruption, d\u2019une suspension, d\u2019une modification, pour des raisons de maintenance ou pour tout autre cas.&nbsp;<\/p>\n\n\n\n<p>L\u2019Editeur&nbsp;n\u2019est pas responsable des dommages r\u00e9sultant d\u2019interf\u00e9rences, interruptions, virus informatiques, dysfonctionnements ou d\u00e9connexions du terminal qui pourraient temporairement emp\u00eacher l\u2019acc\u00e8s ou la navigation de l\u2019Utilisateur.&nbsp;<\/p>\n\n\n\n<p>Bien que&nbsp;l\u2019Editeur&nbsp;ait apport\u00e9 le plus grand soin dans l\u2019\u00e9laboration du&nbsp;Site, celui-ci peut cependant contenir des impr\u00e9cisions.&nbsp;L\u2019Utilisateur&nbsp;est invit\u00e9 \u00e0&nbsp;faire part&nbsp;\u00e0&nbsp;l\u2019Editeur&nbsp;d\u2019\u00e9ventuelles suggestions d\u2019optimisation.&nbsp;<\/p>\n\n\n\n<h3>Responsabilit\u00e9s&nbsp;<\/h3>\n\n\n\n<p>Toute information fournie sur le Site relative au bien-\u00eatre est pr\u00e9sent\u00e9e \u00e0 titre indicatif et g\u00e9n\u00e9ral. Cette information ne pr\u00e9tend pas couvrir tous les aspects du bien-\u00eatre et de l\u2019alimentation. L\u2019Utilisateur se sert du Site sous sa seule responsabilit\u00e9. Il reconnait et accepte notamment de ne pas se fier aux informations qu\u2019il contient pour prendre des d\u00e9cisions relatives \u00e0 sa sant\u00e9 ou \u00e0 d\u2019\u00e9ventuels traitements m\u00e9dicaux, sans l\u2019avis&nbsp;d\u2019un professionnel de sant\u00e9, et doit toujours lire attentivement le mode d\u2019emploi du produit concern\u00e9.&nbsp;<\/p>\n\n\n\n<p>L\u2019Editeur&nbsp;s\u2019efforce de fournir une information de qualit\u00e9 et v\u00e9rifi\u00e9e. Toutefois, les sources d\u2019information ne peuvent \u00eatre garanties compl\u00e9tement.&nbsp;&nbsp;<\/p>\n\n\n\n<p>La possible pr\u00e9sence de liens \u00ab\u202fsortants\u202f\u00bb sur le Site permet \u00e0 l\u2019Utilisateur d\u2019acc\u00e9der \u00e0 des informations et autres ressources compl\u00e9mentaires disponibles sur Internet, ou encore \u00e0 partager sur des r\u00e9seaux sociaux.&nbsp;L\u2019Editeur,&nbsp;ne disposant d\u2019aucun moyen de contr\u00f4le du contenu de ces sites tiers totalement ind\u00e9pendants, ne pourra \u00eatre tenue responsable&nbsp;des cons\u00e9quences de l\u2019acc\u00e8s \u00e0 ces sites tiers et de&nbsp;leur contenu.&nbsp;<\/p>\n\n\n\n<p>L\u2019Utilisateur&nbsp;ne peut&nbsp;mettre en place un hyperlien en direction du Site&nbsp;qu\u2019avec l\u2019autorisation formelle et pr\u00e9alable de&nbsp;l\u2019Editeur.<\/p>\n\n\n\n<h3>Propri\u00e9t\u00e9 intellectuelle&nbsp;<\/h3>\n\n\n\n<p>Le Site est une \u0153uvre de l\u2019esprit prot\u00e9g\u00e9e par le droit de la propri\u00e9t\u00e9 intellectuelle. Le Site ainsi que tous les \u00e9l\u00e9ments le composant (tels que les logos, textes, photographies, images, fichiers PDF, vid\u00e9o \u2026) sont la propri\u00e9t\u00e9 exclusive de\u00a0l\u2019Editeur. <\/p>\n\n\n\n<p>Toute reproduction partielle ou totale du Site ou d\u2019un des \u00e9l\u00e9ments le composant est&nbsp;autoris\u00e9&nbsp;exclusivement pour un usage priv\u00e9. Toute reproduction partielle ou totale du Site&nbsp;ou d\u2019un des \u00e9l\u00e9ments le&nbsp;composant sur quelque support que ce soit et sous quelque forme que ce soit, \u00e0 d\u2019autres fins et notamment commerciales sans l\u2019autorisation expresse de&nbsp;l\u2019Editeur&nbsp;et\/ou du d\u00e9tenteur du droit d\u2019auteur, est interdite et constituerait une contrefa\u00e7on sanctionn\u00e9e p\u00e9nalement.&nbsp;<\/p>\n\n\n\n<p>Les marques et les logos figurant sur le Site sont des marques (semi-figuratives ou non) d\u00e9pos\u00e9es. Par ailleurs, les images figurant sur le Site sont prot\u00e9g\u00e9es par le droit d\u2019auteur. Toute reproduction totale ou partielle de ces images, de ces marques ou de ces logos, effectu\u00e9e \u00e0 partir des \u00e9l\u00e9ments du site, n\u2019est pas autoris\u00e9e sans l\u2019accord expresse et \u00e9crite de&nbsp;l\u2019Editeur&nbsp;au sens de l\u2019article L 713-2 du Code de la&nbsp;Propri\u00e9t\u00e9&nbsp;Intellectuelle.&nbsp;<\/p>\n\n\n\n<h3>Droit applicable et juridiction comp\u00e9tente&nbsp;&nbsp;<\/h3>\n\n\n\n<p>Les CGU sont r\u00e9gies par le&nbsp;droit&nbsp;fran\u00e7ais. Tout conflit ou divergence d\u2019interpr\u00e9tation sera soumis \u00e0 la comp\u00e9tence des tribunaux fran\u00e7ais.&nbsp;<\/p>\n\n\n\n<p>En tant que responsable de traitement, Secours 60, s\u2019engage \u00e0 se conformer aux dispositions r\u00e8glementaires applicables \u00e0 la protection des donn\u00e9es \u00e0 caract\u00e8re personnel, en particulier le r\u00e8glement (UE) 2016\/679 du 27 avril 2016 \u2013 r\u00e8glement g\u00e9n\u00e9ral sur la protection des donn\u00e9es (ci-apr\u00e8s, le \u00ab RGPD \u00bb), sur les traitements qu\u2019elle met en \u0153uvre sur le site internet www.secours60.fr (ci-apr\u00e8s, le \u00ab\u00a0Site\u00a0\u00bb) ou sur un site connexe faisant r\u00e9f\u00e9rence au Site.\u00a0<\/p>\n\n\n\n<h2><strong>Politique de protection des donn\u00e9es<\/strong>&nbsp;<\/h2>\n\n\n\n<p>L\u2019utilisateur peut naviguer librement sur le Site sans avoir \u00e0 fournir explicitement des informations personnelles. N\u00e9anmoins, il peut \u00eatre amen\u00e9 \u00e0 renseigner des donn\u00e9es qui le concernent, par exemple en prenant contact avec l\u2019Editeur. Par ailleurs, le Site utilise des \u00ab&nbsp;cookies&nbsp;\u00bb, qui peuvent adresser des donn\u00e9es concernant l\u2019utilisateur \u00e0 des soci\u00e9t\u00e9s tierces.&nbsp;<\/p>\n\n\n\n<p>Chaque traitement mis en \u0153uvre sur le Site limite la collecte des donn\u00e9es \u00e0 caract\u00e8re personnel au strict n\u00e9cessaire et s\u2019accompagne d\u2019une information d\u00e9taillant notamment&nbsp;:&nbsp;<\/p>\n\n\n\n<ul>\n<li>L\u2019objet du traitement (les finalit\u00e9s) auquel sont destin\u00e9es les donn\u00e9es \u00e0 caract\u00e8re personnel recueillies<\/li>\n\n\n\n<li>La base juridique du traitement<\/li>\n\n\n\n<li>La source des donn\u00e9es (si elles ne sont pas fournies par l\u2019utilisateur du Site)<\/li>\n\n\n\n<li>Le caract\u00e8re obligatoire ou facultatif du recueil des donn\u00e9es<\/li>\n\n\n\n<li>Les cat\u00e9gories de personnes concern\u00e9es<\/li>\n\n\n\n<li>Les destinataires des donn\u00e9es<\/li>\n\n\n\n<li>La dur\u00e9e de conservation des donn\u00e9es<\/li>\n\n\n\n<li>L\u2019existence \u00e9ventuelle de transferts de donn\u00e9es hors de l\u2019Union europ\u00e9enne<\/li>\n\n\n\n<li>Les droits de la personne sur ses donn\u00e9es et comment les exercer.<\/li>\n<\/ul>\n\n\n\n<p>L\u2019Editeur prend toutes les pr\u00e9cautions utiles pour pr\u00e9server la s\u00e9curit\u00e9 des donn\u00e9es \u00e0 caract\u00e8re personnel de l\u2019utilisateur du Site et vise notamment \u00e0 emp\u00eacher qu\u2019elles soient d\u00e9form\u00e9es ou endommag\u00e9es, ou que des tiers non autoris\u00e9s y aient acc\u00e8s.&nbsp;<\/p>\n\n\n\n<p>Conform\u00e9ment au RGPD, l\u2019utilisateur du Site peut exercer, sur les donn\u00e9es qui le concernent et en justifiant de son identit\u00e9, un droit d\u2019acc\u00e8s, de rectification, d\u2019effacement, de portabilit\u00e9, de limitation, d\u2019opposition, aupr\u00e8s du d\u00e9l\u00e9gu\u00e9 \u00e0 la protection des donn\u00e9es (DPO) de Secours 60, \u00a0par le formulaire de contact du Site ou par courrier postal\u00a0: DPO Secours 60, 26 All\u00e9e des Lys du Valois 60800 Cr\u00e9py en Valois\u00a0; il dispose \u00e9galement du droit d\u2019introduire une r\u00e9clamation aupr\u00e8s d\u2019une autorit\u00e9 de contr\u00f4le : CNIL, 3 Place de Fontenoy, 75007 PARIS\u00a0|\u00a0<a rel=\"noreferrer noopener\" href=\"https:\/\/www.cnil.fr\/\" target=\"_blank\">www.cnil.fr<\/a>).\u00a0\u00a0<\/p>\n\n\n\n<h3>Gestion du&nbsp;Site<\/h3>\n\n\n\n<p><em>Quelle est la finalit\u00e9 du traitement et sur quelle base juridique est-il fond\u00e9 ?<\/em><\/p>\n\n\n\n<p>Ce traitement de donn\u00e9es \u00e0 caract\u00e8re personnel&nbsp;a pour objet la gestion du Site. Il permet \u00e0&nbsp;l\u2019Editeur&nbsp;:&nbsp;<\/p>\n\n\n\n<ul>\n<li>La pr\u00e9paration et publication de contenus<\/li>\n\n\n\n<li>La mise en ligne de services propos\u00e9s aux utilisateurs (formulaire de contact, abonnement newsletter, etc.)<\/li>\n\n\n\n<li>L\u2019administration technique, en lien avec les prestataires concern\u00e9s par le traitement<\/li>\n\n\n\n<li>La gestion de la s\u00e9curit\u00e9<\/li>\n\n\n\n<li>La production de statistiques d\u2019audience et d\u2019utilisation des services en ligne propos\u00e9s aux utilisateurs.<\/li>\n<\/ul>\n\n\n\n<p>En r\u00e9f\u00e9rence \u00e0 l\u2019article 6(1)(f) du RGPD, le traitement est n\u00e9cessaire aux fins des int\u00e9r\u00eats l\u00e9gitimes poursuivis par l\u2019Editeur (communication et diffusion sur Internet d\u2019informations \u00e0 caract\u00e8re institutionnel, promotionnel et\/ou scientifique).&nbsp;<\/p>\n\n\n\n<p><em>Quelles donn\u00e9es sont trait\u00e9es&nbsp;et combien de temps sont-elles conserv\u00e9es ?<\/em><\/p>\n\n\n\n<p>Les cat\u00e9gories de donn\u00e9es trait\u00e9es sont&nbsp;:&nbsp;<\/p>\n\n\n\n<ul>\n<li>Les donn\u00e9es relatives aux personnes faisant l\u2019objet de publications (identit\u00e9, fonctions, coordonn\u00e9es, etc.)<\/li>\n\n\n\n<li>Les donn\u00e9es relatives \u00e0 la navigation sur le Site (horodatage, adresse IP des utilisateurs, donn\u00e9es techniques relatives \u00e0 l\u2019\u00e9quipement et au navigateur utilis\u00e9s par les utilisateurs, g\u00e9olocalisation, cookies) et sur les plateformes num\u00e9riques via des boutons de partage et des m\u00e9dias (cookies et autres traceurs)<\/li>\n\n\n\n<li>Les donn\u00e9es relatives \u00e0 la gestion des services propos\u00e9s aux utilisateurs<\/li>\n\n\n\n<li>Les donn\u00e9es relatives \u00e0 la gestion des publications (objet, livrable, suivi, statistiques)<\/li>\n\n\n\n<li>Les donn\u00e9es relatives \u00e0 la gestion des prestations techniques (horodatage et objet des demandes, suivi, suites donn\u00e9es, statistiques)<\/li>\n\n\n\n<li>Les statistiques d\u2019audience du Site et d\u2019utilisation des services en ligne propos\u00e9s aux utilisateurs.<\/li>\n<\/ul>\n\n\n\n<p>Les donn\u00e9es peuvent provenir :&nbsp;<\/p>\n\n\n\n<ul>\n<li>Du personnel de l\u2019Editeur en charge de la publication des contenus et de l\u2019administration technique du Site<\/li>\n\n\n\n<li>Des contributeurs aux publications<\/li>\n\n\n\n<li>Des utilisateurs du Site<\/li>\n\n\n\n<li>Du personnel des prestataires concern\u00e9s<\/li>\n\n\n\n<li>De sites tiers (sites web, r\u00e9seaux sociaux, moteurs de recherche, etc.).&nbsp;<\/li>\n<\/ul>\n\n\n\n<p>Les donn\u00e9es collect\u00e9es \u00e0 l\u2019occasion de la navigation, non n\u00e9cessaires au fonctionnement du&nbsp;Site (comme certains types de cookies), pr\u00e9sentent un caract\u00e8re facultatif. Sauf indication contraire, les autres donn\u00e9es recueillies sont obligatoires.&nbsp;<\/p>\n\n\n\n<p>Conservation des donn\u00e9es\u202f:&nbsp;<\/p>\n\n\n\n<ul>\n<li>Les donn\u00e9es publi\u00e9es sont conserv\u00e9es en ligne jusqu\u2019\u00e0 la fermeture du site, puis seront archiv\u00e9es durant 5 ans,\u00a0<\/li>\n\n\n\n<li>Les donn\u00e9es relatives aux \u00e9changes avec les prestataires sont conserv\u00e9es 5 ans au terme de la relation contractuelle,&nbsp;<\/li>\n\n\n\n<li>Sauf obligation l\u00e9gale ou risque particuli\u00e8rement important, les donn\u00e9es des journaux (logs) sont conserv\u00e9es 6 mois,&nbsp;<\/li>\n\n\n\n<li>Les donn\u00e9es n\u00e9cessaires \u00e0 la production de statistiques d\u2019audience et d\u2019utilisation des services en ligne sont conserv\u00e9es, dans un format ne permettant pas l\u2019identification des personnes par leur adresse IP, et comportent un identifiant (relatif au cookie) conserv\u00e9 au maximum 13 mois (sauf opposition de la personne concern\u00e9e).&nbsp;<\/li>\n<\/ul>\n\n\n\n<p><em>A qui sont destin\u00e9es les donn\u00e9es&nbsp;?<\/em><\/p>\n\n\n\n<p>En fonction de leurs besoins respectifs, sont destinataires de tout ou partie des donn\u00e9es :<\/p>\n\n\n\n<ul>\n<li>Le personnel de l\u2019Editeur en charge de la publication des contenus et de l\u2019administration technique du Site,<\/li>\n\n\n\n<li>Le personnel de l\u2019Editeur charg\u00e9 du traitement des demandes re\u00e7ues via le formulaire de contact,<\/li>\n\n\n\n<li>Le personnel des prestataires concern\u00e9s,<\/li>\n\n\n\n<li>Les utilisateurs du Site,<\/li>\n\n\n\n<li>Le personnel responsable de la supervision de la s\u00e9curit\u00e9 des syst\u00e8mes d\u2019information de l\u2019Editeur.<\/li>\n<\/ul>\n\n\n\n<p>Du fait de leur pr\u00e9sence sur internet, les publications sont susceptibles d\u2019\u00eatre accessibles hors de l\u2019Union europ\u00e9enne.<\/p>\n\n\n\n<h3>Gestion des demandes en ligne<\/h3>\n\n\n\n<p><em>Quelle est la finalit\u00e9 du traitement et sur quelle base juridique est-il fond\u00e9 ?<\/em><\/p>\n\n\n\n<p>Ce traitement de donn\u00e9es \u00e0 caract\u00e8re personnel&nbsp;a pour objet la gestion des demandes formul\u00e9es en ligne. Il&nbsp;permet \u00e0&nbsp;l\u2019Editeur&nbsp;de :&nbsp;<\/p>\n\n\n\n<ul>\n<li>Recevoir les&nbsp;demandes et signalements qui lui sont adress\u00e9s,&nbsp;<\/li>\n\n\n\n<li>Suivre la correspondance avec l\u2019utilisateur du Site,&nbsp;<\/li>\n\n\n\n<li>Respecter ses obligations en mati\u00e8re de vigilance sanitaire&nbsp;et de protection des donn\u00e9es,&nbsp;<\/li>\n\n\n\n<li>Elaborer des statistiques relatives au service.&nbsp;<\/li>\n<\/ul>\n\n\n\n<p>En r\u00e9f\u00e9rence \u00e0 l\u2019article 6(1)(f)&nbsp;du RGPD, le&nbsp;traitement&nbsp;est n\u00e9cessaire aux fins&nbsp;des int\u00e9r\u00eats l\u00e9gitimes poursuivis par&nbsp;l\u2019Editeur&nbsp;(gestion de&nbsp;la&nbsp;relation&nbsp;avec les utilisateurs de&nbsp;ses&nbsp;sites web).&nbsp;<\/p>\n\n\n\n<p>Le traitement concerne tout&nbsp;utilisateur&nbsp;du Site&nbsp;souhaitant contacter&nbsp;l\u2019Editeur&nbsp;par voie \u00e9lectronique.&nbsp;<\/p>\n\n\n\n<p><em>Quelles donn\u00e9es sont trait\u00e9es&nbsp;et combien de temps sont-elles conserv\u00e9es ?<\/em><\/p>\n\n\n\n<p>Les cat\u00e9gories de donn\u00e9es trait\u00e9es&nbsp;sont\u202f:&nbsp;<\/p>\n\n\n\n<ul>\n<li>Identit\u00e9 du demandeur&nbsp;(nom, soci\u00e9t\u00e9)&nbsp;&nbsp;<\/li>\n\n\n\n<li>Ses coordonn\u00e9es (adresse de courriel)&nbsp;<\/li>\n\n\n\n<li>La demande (message)&nbsp;<\/li>\n\n\n\n<li>La&nbsp;suite apport\u00e9e&nbsp;<\/li>\n\n\n\n<li>Les&nbsp;statistiques d\u2019activit\u00e9&nbsp;<\/li>\n<\/ul>\n\n\n\n<p>Le formulaire de contact pr\u00e9voit un recueil obligatoire des donn\u00e9es pour la bonne prise en compte de la demande.&nbsp;<\/p>\n\n\n\n<p>Les donn\u00e9es sont conserv\u00e9es 5 ans \u00e0 compter du traitement de la demande. Toutefois, si la communication s\u2019inscrit dans le cadre de l\u2019information m\u00e9dicale, des vigilances sanitaires ou des r\u00e9clamations qualit\u00e9 sur les produits, elles pourront \u00eatre conserv\u00e9es jusqu\u2019\u00e0 10 ans apr\u00e8s le retrait du march\u00e9 du produit concern\u00e9.&nbsp;<\/p>\n\n\n\n<p><em>A qui sont destin\u00e9es les donn\u00e9es&nbsp;?<\/em><\/p>\n\n\n\n<p>Les donn\u00e9es sont destin\u00e9es au personnel de&nbsp;l\u2019Editeur\u202f:&nbsp;<\/p>\n\n\n\n<ul>\n<li>En charge du traitement des correspondances li\u00e9es au Site,&nbsp;<\/li>\n\n\n\n<li>En charge de la publication des contenus et de l\u2019administration technique du Site,&nbsp;&nbsp;<\/li>\n\n\n\n<li>Affect\u00e9es \u00e0 la gestion des vigilances sanitaires.<\/li>\n<\/ul>\n\n\n\n<p>Sont \u00e9galement destinataires des donn\u00e9es le personnel des prestataires concern\u00e9s.&nbsp;<\/p>\n\n\n\n<h3><strong>Recrutement du personnel<\/strong> &amp; des b\u00e9n\u00e9voles\/volontaires\u00a0<\/h3>\n\n\n\n<p><em>Quelle est la finalit\u00e9 du traitement et sur quelle base juridique est-il fond\u00e9 ?<\/em><\/p>\n\n\n\n<p>Le traitement a pour objet la gestion des candidatures \u00e0 un emploi ou \u00e0 un stage. Il permet \u00e0 l\u2019Editeur :<\/p>\n\n\n\n<ul>\n<li>La gestion du recrutement :\n<ul>\n<li>La r\u00e9ception et l\u2019enregistrement des candidatures<\/li>\n\n\n\n<li>La proc\u00e9dure de recrutement des candidats, en lien avec les hi\u00e9rarchies (s\u00e9lection des candidats, tests, entretiens, etc.)<\/li>\n\n\n\n<li>Les r\u00e9ponses communiqu\u00e9es aux candidats<\/li>\n\n\n\n<li>L\u2019\u00e9tablissement des mesures pr\u00e9contractuelles et des \u00e9l\u00e9ments contractuels<\/li>\n\n\n\n<li>La gestion du contentieux (le cas \u00e9ch\u00e9ant)<\/li>\n<\/ul>\n<\/li>\n\n\n\n<li>La constitution d\u2019une CVth\u00e8que<\/li>\n<\/ul>\n\n\n\n<p>Finalit\u00e9 1&nbsp;: le traitement est n\u00e9cessaire \u00e0 l\u2019ex\u00e9cution des mesures pr\u00e9contractuelles et \u00e0 l\u2019\u00e9tablissement de la relation contractuelle entre l\u2019Editeur et le candidat \u00e0 un emploi ou \u00e0 un stage (6.1.b).<\/p>\n\n\n\n<p>Finalit\u00e9 2&nbsp;: le traitement est n\u00e9cessaire aux fins des int\u00e9r\u00eats l\u00e9gitimes poursuivis par l\u2019Editeur (6.1.f) : g\u00e9rer les moyens humains n\u00e9cessaires \u00e0 la r\u00e9alisation et au d\u00e9veloppement de ses activit\u00e9s.<\/p>\n\n\n\n<p><em>Quelles donn\u00e9es sont trait\u00e9es&nbsp;et combien de temps sont-elles conserv\u00e9es ?<\/em><\/p>\n\n\n\n<p>Les cat\u00e9gories de donn\u00e9es trait\u00e9es sont&nbsp;:<\/p>\n\n\n\n<ul>\n<li>Identit\u00e9 et coordonn\u00e9es du candidat (civilit\u00e9, nom, pr\u00e9nom, adresse postale, e-mail, n\u00b0 t\u00e9l\u00e9phone)<\/li>\n\n\n\n<li>Donn\u00e9es relatives aux formations et connaissances<\/li>\n\n\n\n<li>Donn\u00e9es relatives aux parcours professionnel<\/li>\n\n\n\n<li>Motivations et atouts<\/li>\n\n\n\n<li>Candidature (CV, r\u00e9sultats de tests, entretiens et comptes-rendus, salaire propos\u00e9, nom d\u2019un r\u00e9f\u00e9rent, type et dur\u00e9e de contrat propos\u00e9, etc.)<\/li>\n\n\n\n<li>Correspondances entre l\u2019Editeur et les candidats<\/li>\n<\/ul>\n\n\n\n<p>Les donn\u00e9es peuvent provenir directement de la personne concern\u00e9e, de sa hi\u00e9rarchie, du d\u00e9partement RH, ou \u00eatre issues de sources ext\u00e9rieures (sites web \/ r\u00e9seaux sociaux, cabinets de recrutement, \u00e9coles, organismes charg\u00e9s de l\u2019emploi, etc.).<\/p>\n\n\n\n<p>La fourniture des donn\u00e9es par la personne concern\u00e9e, ou par un tiers, est obligatoire pour la gestion des finalit\u00e9s du traitement et pour remplir les obligations employeur pr\u00e9vues par la l\u00e9gislation du travail et la convention collective en vigueur.<\/p>\n\n\n\n<p>Pour les candidatures retenues, les donn\u00e9es sont conserv\u00e9es le temps de pr\u00e9sence de la personne dans l\u2019entreprise, puis sont archiv\u00e9es et supprim\u00e9es dans les m\u00eames conditions que son dossier du personnel. Pour les candidatures non retenues&nbsp;:<\/p>\n\n\n\n<ul>\n<li>Si le candidat ne s\u2019y oppose pas, son CV est conserv\u00e9 jusqu\u2019\u00e0 2 ans en base active (CVth\u00e8que) \u00e0 la suite du dernier contact avec lui<\/li>\n\n\n\n<li>Son dossier de candidature complet est archiv\u00e9 durant 5 ans pour veiller \u00e0 un \u00e9ventuel recours juridictionnel eu \u00e9gard aux d\u00e9lais de prescription applicables. Pass\u00e9 ce d\u00e9lai le dossier de candidature avec toutes ses pi\u00e8ces est supprim\u00e9.<\/li>\n<\/ul>\n\n\n\n<p><em>A qui sont destin\u00e9es les donn\u00e9es&nbsp;?<\/em><\/p>\n\n\n\n<p>Dans la limite de leurs attributions respectives et pour ce qui les concerne, sont destinataires de tout ou partie des donn\u00e9es :<\/p>\n\n\n\n<ul>\n<li>La personne concern\u00e9e<\/li>\n\n\n\n<li>Le personnel de l\u2019Editeur concern\u00e9 par la candidature (d\u00e9partement RH, responsables, etc.)<\/li>\n\n\n\n<li>Les prestataires, organismes et services web sp\u00e9cialis\u00e9s dans le recrutement (cabinets de recrutement \/ int\u00e9rim, organismes de recherche d\u2019emploi, CVth\u00e8ques, \u00e9coles, forums, etc.)<\/li>\n<\/ul>\n\n\n\n<p>Aucun transfert de donn\u00e9es hors de l\u2019Union europ\u00e9enne n\u2019est r\u00e9alis\u00e9, sauf si le poste \u00e0 pourvoir est situ\u00e9 en filiale (expatriation).<\/p>\n\n\n\n<h2><strong>A propos des cookies<\/strong>&nbsp;<\/h2>\n\n\n\n<p>L\u2019Editeur utilise diff\u00e9rents \u00ab&nbsp;cookies&nbsp;\u00bb informatiques sur le Site pour mesurer l\u2019audience et int\u00e9grer des services permettant d\u2019am\u00e9liorer l\u2019interactivit\u00e9 du Site.&nbsp;<\/p>\n\n\n\n<h3>Qu\u2019est-ce qu\u2019un&nbsp;\u00ab\u202fcookie\u202f\u00bb informatique\u202f?&nbsp;<\/h3>\n\n\n\n<p>Un \u00ab cookie \u00bb informatique, ou t\u00e9moin de connexion, est un fichier texte pouvant \u00eatre d\u00e9pos\u00e9 sur le terminal d\u2019un utilisateur au cours de sa navigation sur un site web. Les cookies sont un outil important qui permet aux organismes d\u2019avoir une vue d\u2019ensemble de l\u2019activit\u00e9 en ligne de leurs utilisateurs.<\/p>\n\n\n\n<p>Principe de fonctionnement : g\u00e9n\u00e9ralement de petite taille et identifi\u00e9 par un nom, il est transmis au navigateur de l\u2019utilisateur par le site web consult\u00e9. Le navigateur le conservera pendant une certaine dur\u00e9e, et le renverra au site web \u00e0 chaque reconnexion. En principe, les cookies peuvent \u00eatre facilement visualis\u00e9s et supprim\u00e9s.<\/p>\n\n\n\n<p>En eux-m\u00eames, les cookies sont inoffensifs car ils ne contiennent pas de code ex\u00e9cutable. Ils remplissent des fonctions importantes pour les sites web : ils peuvent servir \u00e0 m\u00e9moriser un identifiant de compte client, des pr\u00e9f\u00e9rences de navigation, permettre de tracer la navigation pour des finalit\u00e9s statistiques ou publicitaires, etc.<\/p>\n\n\n\n<p>Cependant, les cookies peuvent stocker une quantit\u00e9 de donn\u00e9es suffisante pour identifier un utilisateur sans son consentement et, dans certains cas, peuvent servir \u00e0 cr\u00e9er des profils de personnes physiques. C\u2019est pourquoi il est n\u00e9cessaire que la gestion des cookies soit ma\u00eetris\u00e9e dans le cadre de la protection des donn\u00e9es.<\/p>\n\n\n\n<h3>Comment contr\u00f4ler le d\u00e9p\u00f4t des cookies&nbsp;?<\/h3>\n\n\n\n<p>L\u2019utilisateur peut emp\u00eacher le d\u00e9p\u00f4t des cookies sur son terminal ou supprimer ceux existants, en param\u00e9trant son navigateur web en cons\u00e9quence. Pour acc\u00e9der aux instructions relatives \u00e0 la gestion des cookies, il peut se r\u00e9f\u00e9rer aux rubriques d\u2019aide de son navigateur.<\/p>\n\n\n\n<p><strong>A noter toutefois que la d\u00e9sactivation des cookies au niveau du navigateur web peut entrainer des dysfonctionnements sur le Site, ainsi que sur d\u2019autres sites web<\/strong>.<\/p>\n\n\n\n<h3>Quels sont les&nbsp;types de cookies utilis\u00e9s sur le Site\u202f ?<\/h3>\n\n\n\n<h4><strong>Cookies strictement n\u00e9cessaires<\/strong>\u00a0<\/h4>\n\n\n\n<p>Le Site s\u2019appuie sur certains services propos\u00e9s par des tiers. Il s\u2019agit de&nbsp;:<\/p>\n\n\n\n<ul>\n<li>Google Analytics (mesure d\u2019audience)<\/li>\n\n\n\n<li>YouTube (h\u00e9bergement de vid\u00e9os)<\/li>\n\n\n\n<li>Vimeo (h\u00e9bergement de vid\u00e9os)<\/li>\n\n\n\n<li>Facebook (r\u00e9seau social)<\/li>\n\n\n\n<li>Twitter (r\u00e9seau social), notamment via l\u2019int\u00e9gration de tweets (Twitter cards) et des flux d\u2019actualit\u00e9s (Twitter timelines) dans les pages du site<\/li>\n<\/ul>\n\n\n\n<p>Les finalit\u00e9s propos\u00e9es par ces tiers utilisent des cookies directement d\u00e9pos\u00e9s par ces services. Via ces cookies, ces tiers pourront collecter et utiliser les donn\u00e9es de navigation de l\u2019utilisateur pour leur propre compte afin de proposer, par exemple, de la publicit\u00e9 cibl\u00e9e et des contenus en fonction de son historique de navigation. Pour plus d\u2019informations, l\u2019utilisateur peut consulter la politique de confidentialit\u00e9 de ces tiers via le module de gestion des cookies mis en place sur le Site.<\/p>\n\n\n\n<p>Par d\u00e9faut, ces cookies tiers ne sont pas d\u00e9pos\u00e9s. L\u2019utilisateur peut consentir \u00e0 leur d\u00e9p\u00f4t dans le module de gestion des cookies ou directement via une demande de consentement contextuelle, par exemple en activant la lecture d\u2019une vid\u00e9o externe. L\u2019utilisateur peut indiquer ses pr\u00e9f\u00e9rences, soit globalement pour le Site, soit service par service. Il pourra revenir sur ses choix \u00e0 tout moment en rappelant le module de gestion des cookies via un lien permanent situ\u00e9 en bas de page.<\/p>\n\n\n\n<p>Les donn\u00e9es collect\u00e9es par les cookies peuvent \u00eatre transf\u00e9r\u00e9es en dehors de l\u2019Union europ\u00e9enne.<\/p>\n","protected":false},"excerpt":{"rendered":"<p>Ce site est administr\u00e9 par les membres de notre association Copyright \u00a9 2021 Secours 60 Mentions l\u00e9gales Le site internet\u00a0secous60.fr\u00a0est \u00e9dit\u00e9\u00a0par\u00a0Secours 60,\u00a0association loi 1901 dont le si\u00e8ge social est \u00e9tabli\u00a0en France\u00a0au 26 All\u00e9e des Lys du Valois, 60800 CREPY EN VALOIS. T\u00e9l\u00e9phone\u202f:\u00a0+33 (0)6 21 73 61 23 Directeur de la publication\u202f:\u00a0Ludovic HARDY, Pr\u00e9sident-Fondateur L\u2019h\u00e9bergement du &hellip; <a href=\"https:\/\/institut-secours.fr\/index.php\/mentions-legales-et-rgpd\/\" class=\"more-link\">Continuer la lecture de <span class=\"screen-reader-text\">Mentions l\u00e9gales, CGU &#038; RGPD<\/span><\/a><\/p>\n","protected":false},"author":1,"featured_media":0,"parent":0,"menu_order":0,"comment_status":"open","ping_status":"closed","template":"","meta":[],"_links":{"self":[{"href":"https:\/\/institut-secours.fr\/index.php\/wp-json\/wp\/v2\/pages\/935"}],"collection":[{"href":"https:\/\/institut-secours.fr\/index.php\/wp-json\/wp\/v2\/pages"}],"about":[{"href":"https:\/\/institut-secours.fr\/index.php\/wp-json\/wp\/v2\/types\/page"}],"author":[{"embeddable":true,"href":"https:\/\/institut-secours.fr\/index.php\/wp-json\/wp\/v2\/users\/1"}],"replies":[{"embeddable":true,"href":"https:\/\/institut-secours.fr\/index.php\/wp-json\/wp\/v2\/comments?post=935"}],"version-history":[{"count":4,"href":"https:\/\/institut-secours.fr\/index.php\/wp-json\/wp\/v2\/pages\/935\/revisions"}],"predecessor-version":[{"id":940,"href":"https:\/\/institut-secours.fr\/index.php\/wp-json\/wp\/v2\/pages\/935\/revisions\/940"}],"wp:attachment":[{"href":"https:\/\/institut-secours.fr\/index.php\/wp-json\/wp\/v2\/media?parent=935"}],"curies":[{"name":"wp","href":"https:\/\/api.w.org\/{rel}","templated":true}]}}