{"id":625,"date":"2022-11-12T19:19:51","date_gmt":"2022-11-12T18:19:51","guid":{"rendered":"https:\/\/institut-secours.fr\/?page_id=625"},"modified":"2026-02-17T13:54:33","modified_gmt":"2026-02-17T12:54:33","slug":"recyclage-pse1","status":"publish","type":"page","link":"https:\/\/institut-secours.fr\/index.php\/recyclage-pse1\/","title":{"rendered":"PSE1\/PSE2"},"content":{"rendered":"\n<p><\/p>\n\n\n<div class=\"wp-block-image\">\n<figure class=\"aligncenter size-full is-resized\"><img decoding=\"async\" loading=\"lazy\" src=\"http:\/\/institut-secours.fr\/wp-content\/uploads\/2022\/05\/CPF-LOGO-1.png\" alt=\"\" class=\"wp-image-580\" width=\"115\" height=\"116\" srcset=\"https:\/\/institut-secours.fr\/wp-content\/uploads\/2022\/05\/CPF-LOGO-1.png 224w, https:\/\/institut-secours.fr\/wp-content\/uploads\/2022\/05\/CPF-LOGO-1-150x150.png 150w\" sizes=\"(max-width: 115px) 100vw, 115px\" \/><\/figure><\/div>\n\n\n<p><strong>Recyclage PSE1\/PSE2 : <\/strong>Dates sur demande au 06 21 73 61 23 !<\/p>\n\n\n\n<h3>Objectif de la formation<\/h3>\n\n\n\n<p>L\u2019unit\u00e9 d\u2019enseignement \u00ab Premiers secours en \u00e9quipe de niveau 1 \u00bb a pour objectif de faire acqu\u00e9rir \u00e0 l\u2019apprenant les capacit\u00e9s n\u00e9cessaires afin de porter secours, sur le plan technique et humain, \u00e0 une ou plusieurs victimes, en agissant au sein d\u2019une \u00e9quipe ou seul, avec ou sans mat\u00e9riel, dans l\u2019attente ou en compl\u00e9ment des services publics de secours concern\u00e9s.<\/p>\n\n\n\n<h3>Public<\/h3>\n\n\n\n<p>\u00c0 partir de 16 ans<\/p>\n\n\n\n<h3>Approche p\u00e9dagogique &amp; m\u00e9thode d&rsquo;\u00e9valuation<\/h3>\n\n\n\n<p>L\u2019unit\u00e9 d\u2019enseignement de \u00ab Premiers secours en \u00e9quipe de niveau 1 \u00bb est une formation initiale qui apporte des connaissances sp\u00e9cifiques, principalement par une m\u00e9thode p\u00e9dagogique active par objectifs ; les exercices d\u2019application occupant l\u2019essentiel du temps de la formation. L\u2019atteinte des objectifs de \u00ab savoir \u00bb est n\u00e9cessaire pour atteindre les objectifs de \u00ab savoir \u2013 faire et savoir \u00eatre \u00bb. Les techniques p\u00e9dagogiques qui permettent d\u2019aborder les objectifs de savoir sont : l\u2019expos\u00e9 interactif, le travail de groupe, etc\u2026. Les formateurs doivent s\u2019assurer de l\u2019acquisition de ces connaissances par le groupe de participants, \u00e9ventuellement par des tests \u00e9crits. Le r\u00e9sultat de ces tests peut servir \u00e0 l\u2019\u00e9valuation continue des participants.<\/p>\n\n\n\n<h3>Intervenants<\/h3>\n\n\n\n<p>L\u2019unit\u00e9 d\u2019enseignement \u00ab Premiers secours en \u00e9quipe de niveau 1 \u00bb est dispens\u00e9e par une \u00e9quipe p\u00e9dagogique dont la composition est arr\u00eat\u00e9e par l\u2019autorit\u00e9 d\u2019emploi assurant la formation. Cette \u00e9quipe p\u00e9dagogique est compos\u00e9e de formateurs, dont l\u2019un est d\u00e9sign\u00e9 comme responsable p\u00e9dagogique.<\/p>\n\n\n\n<p><strong>Chaque membre de l\u2019\u00e9quipe p\u00e9dagogique doit satisfaire aux conditions suivantes :<\/strong><br>\u2013 \u00eatre d\u00e9tenteur du certificat de comp\u00e9tences \u00ab P\u00e9dagogie appliqu\u00e9e \u00e0 l\u2019emploi de formateur aux premiers secours \u00bb ;<br>\u2013 satisfaire aux dispositions de maintien des acquis en vigueur conform\u00e9ment aux dispositions de l\u2019arr\u00eat\u00e9 en vigueur.<\/p>\n\n\n\n<h3><a href=\"http:\/\/institut-secours.fr\/wp-content\/uploads\/2023\/02\/circulaire-FC-2023-signee-pdf-212x300.jpg\">Programme<\/a><\/h3>\n\n\n\n<p>1. ACCUEIL ET PRESENTATION DE LA FORMATION<br>2. BILANS<br>3. URGENCES VITALES<br>8. MALAISES ET AFFECTIONS SPECIFIQUES 9. ATTEINTES CIRCONSTANCIELLES<br>10. BILANS SUITE<br>11. TRAUMATISME<br>12. RELEVAGE BRANCARDAGE<br>13. CAS CONCRETS DE SYNTHESE&nbsp;<\/p>\n\n\n\n<h3>R\u00e9f\u00e9rentiel national de comp\u00e9tence de s\u00e9curit\u00e9 civile relatif \u00e0 l&rsquo;unit\u00e9 d&rsquo;enseignement PSE 1<\/h3>\n\n\n\n<p>L\u2019unit\u00e9 d\u2019enseignement \u201cpremiers secours en \u00e9quipe de niveau 1\u201d a pour objectif de faire acqu\u00e9rir \u00e0 l\u2019apprenant les capacit\u00e9s n\u00e9cessaires afin de porter secours, sur le plan technique et humain, \u00e0 une ou plusieurs victimes, en agissant seul ou au sein d\u2019une \u00e9quipe, avec ou sans mat\u00e9riel, dans l\u2019attente ou en compl\u00e9ment des services publics de secours concern\u00e9s.&nbsp;<\/p>\n\n\n\n<p><strong>Ainsi, il doit \u00eatre capable :&nbsp;<\/strong><\/p>\n\n\n\n<p>1. D\u2019\u00e9voluer dans le cadre juridique applicable \u00e0 son action de secours et dans le respect des proc\u00e9dures d\u00e9finies par son autorit\u00e9 d\u2019emploi.&nbsp;<\/p>\n\n\n\n<p>2. D\u2019assurer une protection imm\u00e9diate, adapt\u00e9e et permanente, pour lui-m\u00eame, la victime et les autres personnes des dangers environnants.&nbsp;<\/p>\n\n\n\n<p>3. De r\u00e9aliser un bilan et d\u2019assurer sa transmission aux services appropri\u00e9s.&nbsp;<\/p>\n\n\n\n<p>4. De r\u00e9aliser les gestes de premiers secours face \u00e0 une personne :&nbsp;<strong>Victime d\u2019une obstruction des voies a\u00e9riennes ; Victime d\u2019un saignement abondant ; Ayant perdu connaissance ; En arr\u00eat cardiaque ; Victime d\u2019une d\u00e9tresse respiratoire, circulatoire ou neurologique ; Pr\u00e9sentant un malaise ; Pr\u00e9sentant un traumatisme des membres ou de la peau.&nbsp;<\/strong><\/p>\n\n\n\n<p>5. D\u2019assister des \u00e9quipiers secouristes, lors de man\u0153uvres d\u2019immobilisation, de relevage ou de brancardage.&nbsp;<\/p>\n\n\n\n<p>6. D\u2019adapter son comportement \u00e0 la situation ou \u00e0 l\u2019\u00e9tat de la victime.&nbsp;<\/p>\n\n\n\n<h3>D\u00e9lai d&rsquo;acc\u00e8s<\/h3>\n\n\n\n<p>Pour les formations en inter, consulter notre calendrier en ligne pour les formations.<\/p>\n\n\n\n<h3>M\u00e9thode d&rsquo;\u00e9valuation<\/h3>\n\n\n\n<p>Evaluations Formatives et Certificatives conformes au R\u00e9f\u00e9rentiel Interne de Formation et de Certification de la FNMNS<\/p>\n","protected":false},"excerpt":{"rendered":"<p>Recyclage PSE1\/PSE2 : Dates sur demande au 06 21 73 61 23 ! Objectif de la formation L\u2019unit\u00e9 d\u2019enseignement \u00ab Premiers secours en \u00e9quipe de niveau 1 \u00bb a pour objectif de faire acqu\u00e9rir \u00e0 l\u2019apprenant les capacit\u00e9s n\u00e9cessaires afin de porter secours, sur le plan technique et humain, \u00e0 une ou plusieurs victimes, en &hellip; <a href=\"https:\/\/institut-secours.fr\/index.php\/recyclage-pse1\/\" class=\"more-link\">Continuer la lecture de <span class=\"screen-reader-text\">PSE1\/PSE2<\/span><\/a><\/p>\n","protected":false},"author":1,"featured_media":0,"parent":0,"menu_order":0,"comment_status":"closed","ping_status":"closed","template":"","meta":[],"_links":{"self":[{"href":"https:\/\/institut-secours.fr\/index.php\/wp-json\/wp\/v2\/pages\/625"}],"collection":[{"href":"https:\/\/institut-secours.fr\/index.php\/wp-json\/wp\/v2\/pages"}],"about":[{"href":"https:\/\/institut-secours.fr\/index.php\/wp-json\/wp\/v2\/types\/page"}],"author":[{"embeddable":true,"href":"https:\/\/institut-secours.fr\/index.php\/wp-json\/wp\/v2\/users\/1"}],"replies":[{"embeddable":true,"href":"https:\/\/institut-secours.fr\/index.php\/wp-json\/wp\/v2\/comments?post=625"}],"version-history":[{"count":10,"href":"https:\/\/institut-secours.fr\/index.php\/wp-json\/wp\/v2\/pages\/625\/revisions"}],"predecessor-version":[{"id":972,"href":"https:\/\/institut-secours.fr\/index.php\/wp-json\/wp\/v2\/pages\/625\/revisions\/972"}],"wp:attachment":[{"href":"https:\/\/institut-secours.fr\/index.php\/wp-json\/wp\/v2\/media?parent=625"}],"curies":[{"name":"wp","href":"https:\/\/api.w.org\/{rel}","templated":true}]}}